{"id":40,"date":"2022-04-18T16:53:53","date_gmt":"2022-04-18T16:53:53","guid":{"rendered":"https:\/\/chateaudelaberchere.fr\/?page_id=40"},"modified":"2026-08-21T14:39:15","modified_gmt":"2026-08-21T14:39:15","slug":"tourisme","status":"publish","type":"page","link":"https:\/\/chateaudelaberchere.fr\/en\/tourisme\/","title":{"rendered":"Tourism"},"content":{"rendered":"<p>[et_pb_section fb_built=\u00a0\u00bb1&Prime; admin_label=\u00a0\u00bbHeader\u00a0\u00bb _builder_version=\u00a0\u00bb4.24.2&Prime; _module_preset=\u00a0\u00bbdefault\u00a0\u00bb background_enable_color=\u00a0\u00bboff\u00a0\u00bb background_image=\u00a0\u00bbhttps:\/\/chateaudelaberchere.fr\/wp-content\/uploads\/2022\/04\/visuel_tourisme_chateau_berchere-1.jpg\u00a0\u00bb parallax=\u00a0\u00bbon\u00a0\u00bb custom_margin=\u00a0\u00bb|||\u00a0\u00bb custom_padding=\u00a0\u00bb8vw|0px|0|0px|false|false\u00a0\u00bb locked=\u00a0\u00bboff\u00a0\u00bb global_colors_info=\u00a0\u00bb{}\u00a0\u00bb][et_pb_row _builder_version=\u00a0\u00bb4.16&Prime; _module_preset=\u00a0\u00bbdefault\u00a0\u00bb global_colors_info=\u00a0\u00bb{}\u00a0\u00bb][et_pb_column type=\u00a0\u00bb4_4&Prime; _builder_version=\u00a0\u00bb4.16&Prime; _module_preset=\u00a0\u00bbdefault\u00a0\u00bb custom_padding=\u00a0\u00bb|||\u00a0\u00bb global_colors_info=\u00a0\u00bb{}\u00a0\u00bb custom_padding__hover=\u00a0\u00bb|||\u00a0\u00bb][et_pb_text _builder_version=\u00a0\u00bb4.24.2&Prime; _module_preset=\u00a0\u00bbdefault\u00a0\u00bb text_font=\u00a0\u00bb||||||||\u00a0\u00bb header_font=\u00a0\u00bb|700|||||||\u00a0\u00bb header_text_color=\u00a0\u00bb#FFFFFF\u00a0\u00bb header_font_size=\u00a0\u00bb70px\u00a0\u00bb header_line_height=\u00a0\u00bb1.2em\u00a0\u00bb header_5_font=\u00a0\u00bbRaleway|700||on|||||\u00a0\u00bb header_5_text_color=\u00a0\u00bb#000000&Prime; header_5_font_size=\u00a0\u00bb20px\u00a0\u00bb header_5_letter_spacing=\u00a0\u00bb0.5em\u00a0\u00bb header_5_line_height=\u00a0\u00bb1.8em\u00a0\u00bb animation_style=\u00a0\u00bbzoom\u00a0\u00bb animation_intensity_zoom=\u00a0\u00bb5%\u00a0\u00bb header_font_size_tablet=\u00a0\u00bb48px\u00a0\u00bb header_font_size_phone=\u00a0\u00bb32px\u00a0\u00bb header_font_size_last_edited=\u00a0\u00bbon|phone\u00a0\u00bb header_5_font_size_tablet=\u00a0\u00bb14px\u00a0\u00bb header_5_font_size_phone=\u00a0\u00bb12px\u00a0\u00bb header_5_font_size_last_edited=\u00a0\u00bbon|desktop\u00a0\u00bb global_colors_info=\u00a0\u00bb{}\u00a0\u00bb]<\/p>\n<h1>Tourisme<\/h1>\n<p>&nbsp;<\/p>\n<p>&nbsp;<\/p>\n<p>[\/et_pb_text][\/et_pb_column][\/et_pb_row][\/et_pb_section][et_pb_section fb_built=\u00a0\u00bb1&Prime; _builder_version=\u00a0\u00bb4.24.2&Prime; _module_preset=\u00a0\u00bbdefault\u00a0\u00bb background_color=\u00a0\u00bb#E3E1DF\u00a0\u00bb custom_padding=\u00a0\u00bb||6px|||\u00a0\u00bb global_colors_info=\u00a0\u00bb{}\u00a0\u00bb][et_pb_row column_structure=\u00a0\u00bb2_5,3_5&Prime; _builder_version=\u00a0\u00bb4.24.2&Prime; _module_preset=\u00a0\u00bbdefault\u00a0\u00bb global_colors_info=\u00a0\u00bb{}\u00a0\u00bb][et_pb_column type=\u00a0\u00bb2_5&Prime; _builder_version=\u00a0\u00bb4.17.3&Prime; _module_preset=\u00a0\u00bbdefault\u00a0\u00bb global_colors_info=\u00a0\u00bb{}\u00a0\u00bb][et_pb_text _builder_version=\u00a0\u00bb4.24.2&Prime; _module_preset=\u00a0\u00bbdefault\u00a0\u00bb text_font_size=\u00a0\u00bb18px\u00a0\u00bb header_2_font=\u00a0\u00bb|700|||||||\u00a0\u00bb header_2_font_size=\u00a0\u00bb38px\u00a0\u00bb custom_margin=\u00a0\u00bb-2px|||||\u00a0\u00bb custom_padding=\u00a0\u00bb32px||1px|||\u00a0\u00bb animation_style=\u00a0\u00bbslide\u00a0\u00bb animation_direction=\u00a0\u00bbtop\u00a0\u00bb animation_intensity_slide=\u00a0\u00bb3%\u00a0\u00bb global_colors_info=\u00a0\u00bb{}\u00a0\u00bb]<\/p>\n<h2>Le c\u00e9l\u00e8bre vignoble Bourguignon<\/h2>\n<p><span style=\"font-weight: 400;\">D\u00e9couvrez \u00e9galement les villages des hautes c\u00f4tes et venez d\u00e9guster de nombreux produits r\u00e9gionaux que nous vous proposons au petit d\u00e9jeuner, au brunch ou le soir sous forme de planche.<\/span><\/p>\n<p>[\/et_pb_text][\/et_pb_column][et_pb_column type=\u00a0\u00bb3_5&Prime; _builder_version=\u00a0\u00bb4.17.3&Prime; _module_preset=\u00a0\u00bbdefault\u00a0\u00bb global_colors_info=\u00a0\u00bb{}\u00a0\u00bb][et_pb_image src=\u00a0\u00bbhttps:\/\/chateaudelaberchere.fr\/wp-content\/uploads\/2024\/05\/IMG_2348-1.jpg\u00a0\u00bb alt=\u00a0\u00bbH\u00f4tel Ch\u00e2teau La Berch\u00e8re\u00a0\u00bb title_text=\u00a0\u00bbIMG_2348 (1)\u00a0\u00bb _builder_version=\u00a0\u00bb4.24.2&Prime; _module_preset=\u00a0\u00bbdefault\u00a0\u00bb animation_style=\u00a0\u00bbfade\u00a0\u00bb global_colors_info=\u00a0\u00bb{}\u00a0\u00bb][\/et_pb_image][\/et_pb_column][\/et_pb_row][et_pb_row _builder_version=\u00a0\u00bb4.24.2&Prime; _module_preset=\u00a0\u00bbdefault\u00a0\u00bb global_colors_info=\u00a0\u00bb{}\u00a0\u00bb][et_pb_column type=\u00a0\u00bb4_4&Prime; _builder_version=\u00a0\u00bb4.17.3&Prime; _module_preset=\u00a0\u00bbdefault\u00a0\u00bb global_colors_info=\u00a0\u00bb{}\u00a0\u00bb][et_pb_text _builder_version=\u00a0\u00bb4.27.7&Prime; _module_preset=\u00a0\u00bbdefault\u00a0\u00bb text_font_size=\u00a0\u00bb18px\u00a0\u00bb custom_margin=\u00a0\u00bb-30px|||||\u00a0\u00bb animation_style=\u00a0\u00bbslide\u00a0\u00bb animation_direction=\u00a0\u00bbtop\u00a0\u00bb animation_intensity_slide=\u00a0\u00bb3%\u00a0\u00bb global_colors_info=\u00a0\u00bb{}\u00a0\u00bb]<\/p>\n<p>&nbsp;<\/p>\n<p>L\u2019 abbaye de Citeaux toute proche, fond\u00e9e en 1098 est le berceau de l\u2019Ordre cistercien. Vous pourrez visiter son \u00e9glise et ses b\u00e2timents m\u00e9di\u00e9vaux, sa boutique o\u00f9 se vend l\u2019excellent fromage fabriqu\u00e9 par les moines.<\/p>\n<p>Lors de votre s\u00e9jour, nous serons \u00e0 votre disposition pour vous informer d\u2019autres lieux et \u00e9v\u00e9nements culturels susceptibles de vous int\u00e9resser. <span style=\"font-weight: 400;\">Laissez-nous vous guider dans notre magnifique r\u00e9gion \u00e0 la d\u00e9couverte d\u2019un terroir et d\u2019une histoire hors du commun. Nous pourrons vous guider dans le choix de vos restaurants.<\/span><\/p>\n<p><span style=\"font-weight: 400;\"><\/span><\/p>\n<div>Partez \u00e0 la d\u00e9couverte des Climats Bourguignon \u00e0 bord d\u2019un v\u00e9lo \u00e0 assistance \u00e9lectrique ou d\u2019un Solex, gr\u00e2ce \u00e0 notre partenaire<span>\u00a0<\/span><strong>La Solexerie<\/strong>, situ\u00e9e \u00e0 Nuits-Saint-Georges. Que vous souhaitiez une balade tranquille au c\u0153ur des vignobles, une escapade gourmande ou une immersion dans le patrimoine bourguignon, La Solexerie vous propose une exp\u00e9rience authentique, ludique et accessible \u00e0 tous. Profitez d\u2019un moment unique alliant libert\u00e9, d\u00e9couverte et plaisir, au rythme de la Bourgogne.<\/div>\n<div><span>Vous souhaitez allier patrimoine, gastronomie et sensations fortes ? Nous sommes juste \u00e0 c\u00f4t\u00e9 de l&rsquo;a\u00e9rodrome de Nuits-Saint-Georges et \u00e0 proximit\u00e9 du circuit de Dijon-Prenois,\u00a0<\/span><\/div>\n<div><\/div>\n<div><\/div>\n<div><span style=\"color: #ff0000;\"><a href=\"https:\/\/chateaudelaberchere.fr\/contact\" style=\"color: #ff0000;\">Contactez-nous pour plus de renseignements<\/a><\/span><\/div>\n<div><\/div>\n<p>[\/et_pb_text][\/et_pb_column][\/et_pb_row][\/et_pb_section][et_pb_section fb_built=\u00a0\u00bb1&Prime; _builder_version=\u00a0\u00bb4.17.3&Prime; _module_preset=\u00a0\u00bbdefault\u00a0\u00bb background_color=\u00a0\u00bb#E3E1DF\u00a0\u00bb custom_padding=\u00a0\u00bb9px||0px|||\u00a0\u00bb global_colors_info=\u00a0\u00bb{}\u00a0\u00bb][\/et_pb_section][et_pb_section fb_built=\u00a0\u00bb1&Prime; fullwidth=\u00a0\u00bbon\u00a0\u00bb _builder_version=\u00a0\u00bb4.24.2&Prime; _module_preset=\u00a0\u00bbdefault\u00a0\u00bb custom_margin=\u00a0\u00bb25px|||||\u00a0\u00bb custom_padding=\u00a0\u00bb27px|||||\u00a0\u00bb animation_style=\u00a0\u00bbfade\u00a0\u00bb global_colors_info=\u00a0\u00bb{}\u00a0\u00bb][et_pb_fullwidth_image src=\u00a0\u00bbhttps:\/\/chateaudelaberchere.fr\/wp-content\/uploads\/2022\/04\/bandeau_photos_berchere.jpg\u00a0\u00bb title_text=\u00a0\u00bbbandeau_photos_berchere\u00a0\u00bb _builder_version=\u00a0\u00bb4.24.2&Prime; _module_preset=\u00a0\u00bbdefault\u00a0\u00bb custom_margin=\u00a0\u00bb-54px|||||\u00a0\u00bb global_colors_info=\u00a0\u00bb{}\u00a0\u00bb][\/et_pb_fullwidth_image][\/et_pb_section][et_pb_section fb_built=\u00a0\u00bb1&Prime; _builder_version=\u00a0\u00bb4.24.2&Prime; _module_preset=\u00a0\u00bbdefault\u00a0\u00bb background_color=\u00a0\u00bb#E3E1DF\u00a0\u00bb custom_padding=\u00a0\u00bb||5px|||\u00a0\u00bb global_colors_info=\u00a0\u00bb{}\u00a0\u00bb][et_pb_row column_structure=\u00a0\u00bb1_2,1_2&Prime; _builder_version=\u00a0\u00bb4.24.2&Prime; _module_preset=\u00a0\u00bbdefault\u00a0\u00bb custom_margin=\u00a0\u00bb-10px|auto|18px|auto||\u00a0\u00bb global_colors_info=\u00a0\u00bb{}\u00a0\u00bb][et_pb_column type=\u00a0\u00bb1_2&Prime; _builder_version=\u00a0\u00bb4.17.1&Prime; _module_preset=\u00a0\u00bbdefault\u00a0\u00bb global_colors_info=\u00a0\u00bb{}\u00a0\u00bb][et_pb_text _builder_version=\u00a0\u00bb4.27.4&Prime; _module_preset=\u00a0\u00bbdefault\u00a0\u00bb header_3_font=\u00a0\u00bb|600|||||||\u00a0\u00bb header_3_font_size=\u00a0\u00bb30px\u00a0\u00bb animation_style=\u00a0\u00bbslide\u00a0\u00bb animation_direction=\u00a0\u00bbtop\u00a0\u00bb animation_intensity_slide=\u00a0\u00bb3%\u00a0\u00bb global_colors_info=\u00a0\u00bb{}\u00a0\u00bb]<\/p>\n<h3>Comment arriver au Ch\u00e2teau ?\u00a0<\/h3>\n<p>[\/et_pb_text][et_pb_text _builder_version=\u00a0\u00bb4.27.6&Prime; _module_preset=\u00a0\u00bbdefault\u00a0\u00bb text_font_size=\u00a0\u00bb18px\u00a0\u00bb animation_style=\u00a0\u00bbslide\u00a0\u00bb animation_direction=\u00a0\u00bbtop\u00a0\u00bb animation_intensity_slide=\u00a0\u00bb3%\u00a0\u00bb global_colors_info=\u00a0\u00bb{}\u00a0\u00bb]<\/p>\n<p><strong class=\"titre_situation\">En voiture<\/strong><br \/><span> \u00e0 2 minutes de <strong>Vosne-Roman\u00e9e<\/strong> et <strong>Nuits-saint-Georges<\/strong><br \/>\u00e0 4 minutes du <strong>Clos de Vougeot<\/strong><br \/>\u00e0 8 minutes de <strong>Gevrey-Chambertin<\/strong><br \/>\u00e0 16 minutes de <strong>Beaune<\/strong><\/span><\/p>\n<p><span><span style=\"font-weight: 400;\"><strong>\u00c0<\/strong> <strong>v\u00e9lo<\/strong><\/span><\/span><\/p>\n<p><span><span style=\"font-weight: 400;\">La v\u00e9loroute se situe \u00e0 quelques m\u00e8tres du Ch\u00e2teau<\/span><\/span><br \/><strong class=\"titre_situation\">En train<\/strong><br \/><span> \u00e0 2 minutes de la gare de <strong>Nuits-saint-Georges<\/strong><br \/><\/span><br \/><strong class=\"titre_situation\">En avion<\/strong><br \/><span> \u00e0 300 m\u00e8tres de <strong>l&rsquo;A\u00e9rodrome de la Berch\u00e8re <\/strong><br \/>\u00e0 <strong>Nuits-saint-Georges<\/strong><br \/><\/span><br \/><strong> Le parking clos est dans la cour int\u00e9rieure du Ch\u00e2teau.<\/strong><\/p>\n<p>[\/et_pb_text][\/et_pb_column][et_pb_column type=\u00a0\u00bb1_2&Prime; _builder_version=\u00a0\u00bb4.17.1&Prime; _module_preset=\u00a0\u00bbdefault\u00a0\u00bb global_colors_info=\u00a0\u00bb{}\u00a0\u00bb][et_pb_image src=\u00a0\u00bbhttps:\/\/chateaudelaberchere.fr\/wp-content\/uploads\/2022\/04\/639111684-1.jpg\u00a0\u00bb alt=\u00a0\u00bbH\u00f4tel Ch\u00e2teau La Berch\u00e8re\u00a0\u00bb title_text=\u00a0\u00bb639111684&Prime; _builder_version=\u00a0\u00bb4.27.0&Prime; _module_preset=\u00a0\u00bbdefault\u00a0\u00bb global_colors_info=\u00a0\u00bb{}\u00a0\u00bb][\/et_pb_image][\/et_pb_column][\/et_pb_row][\/et_pb_section][et_pb_section fb_built=\u00a0\u00bb1&Prime; _builder_version=\u00a0\u00bb4.17.1&Prime; _module_preset=\u00a0\u00bbdefault\u00a0\u00bb background_color=\u00a0\u00bb#2b2b2b\u00a0\u00bb custom_padding=\u00a0\u00bb||21px|||\u00a0\u00bb global_colors_info=\u00a0\u00bb{}\u00a0\u00bb][et_pb_row column_structure=\u00a0\u00bb1_3,1_3,1_3&Prime; _builder_version=\u00a0\u00bb4.17.1&Prime; _module_preset=\u00a0\u00bbdefault\u00a0\u00bb custom_margin=\u00a0\u00bb-36px|auto||auto||\u00a0\u00bb global_colors_info=\u00a0\u00bb{}\u00a0\u00bb][et_pb_column type=\u00a0\u00bb1_3&Prime; _builder_version=\u00a0\u00bb4.17.1&Prime; _module_preset=\u00a0\u00bbdefault\u00a0\u00bb global_colors_info=\u00a0\u00bb{}\u00a0\u00bb][et_pb_image src=\u00a0\u00bbhttps:\/\/chateaudelaberchere.fr\/wp-content\/uploads\/2022\/05\/HB-logoFinal11.jpg\u00a0\u00bb alt=\u00a0\u00bblogo\u00a0\u00bb title_text=\u00a0\u00bbHB-logoFinal(1)(1)\u00a0\u00bb _builder_version=\u00a0\u00bb4.17.4&Prime; _module_preset=\u00a0\u00bbdefault\u00a0\u00bb max_width=\u00a0\u00bb50%\u00a0\u00bb custom_margin=\u00a0\u00bb||9px|||\u00a0\u00bb global_colors_info=\u00a0\u00bb{}\u00a0\u00bb][\/et_pb_image][et_pb_text _builder_version=\u00a0\u00bb4.17.6&Prime; _module_preset=\u00a0\u00bbdefault\u00a0\u00bb text_text_color=\u00a0\u00bb#E3E1DF\u00a0\u00bb text_font_size=\u00a0\u00bb15px\u00a0\u00bb custom_margin=\u00a0\u00bb|-47px||||\u00a0\u00bb custom_padding=\u00a0\u00bb|0px||||\u00a0\u00bb global_colors_info=\u00a0\u00bb{}\u00a0\u00bb]<\/p>\n<p>La Berch\u00e8re<br \/>21700 Boncourt-le-bois<br \/>Nuits-Saint-Georges<br \/>Bourgogne<br \/>France<\/p>\n<p><a href=\"tel:+33380610140\"><span style=\"color: #ffffff;\">T\u00e9l. : 03 80 61 01 40 \/ <\/span><\/a><span style=\"font-weight: 400;\">06 62 20 24 00<\/span><\/p>\n<p><a href=\"tel:+33380610140\"><span style=\"color: #ffffff;\"><\/span><\/a><\/p>\n<p>contact@chateaudelaberchere.fr<\/p>\n<p>[\/et_pb_text][\/et_pb_column][et_pb_column type=\u00a0\u00bb1_3&Prime; _builder_version=\u00a0\u00bb4.17.1&Prime; _module_preset=\u00a0\u00bbdefault\u00a0\u00bb global_colors_info=\u00a0\u00bb{}\u00a0\u00bb][et_pb_text _builder_version=\u00a0\u00bb4.24.2&Prime; _module_preset=\u00a0\u00bbdefault\u00a0\u00bb text_font=\u00a0\u00bb||||||||\u00a0\u00bb text_font_size=\u00a0\u00bb15px\u00a0\u00bb link_option_url=\u00a0\u00bbhttps:\/\/chateaudelaberchere.fr\/evenement\u00a0\u00bb global_colors_info=\u00a0\u00bb{}\u00a0\u00bb]<\/p>\n<p style=\"text-align: center;\"><span style=\"color: #ffffff;\"><\/span><\/p>\n<p style=\"text-align: center;\"><a href=\"https:\/\/chateaudelaberchere.fr\/histoire\"><span style=\"color: #ffffff;\">Histoire<\/span><\/a><\/p>\n<p style=\"text-align: center;\"><a href=\"https:\/\/chateaudelaberchere.fr\/chambres\"><span style=\"color: #ffffff;\">Chambres<\/span><\/a><\/p>\n<p style=\"text-align: center;\"><a href=\"https:\/\/chateaudelaberchere.fr\/tourisme\"><span style=\"color: #ffffff;\">Tourisme<\/span><\/a><\/p>\n<p style=\"text-align: center;\"><a href=\"https:\/\/chateaudelaberchere.fr\/evenement\"><span style=\"color: #ffffff;\">\u00c9v\u00e9nement<\/span><\/a><\/p>\n<p style=\"text-align: center;\"><a href=\"https:\/\/chateaudelaberchere.fr\/contact\"><span style=\"color: #ffffff;\">Contact<\/span><\/a><\/p>\n<p style=\"text-align: center;\"><span style=\"color: #ffffff;\"><\/span><\/p>\n<p style=\"text-align: center;\"><span style=\"color: #ffffff;\"><\/span><\/p>\n<p style=\"text-align: center;\"><span style=\"color: #ffffff;\"><\/span><\/p>\n<p>[\/et_pb_text][et_pb_button button_url=\u00a0\u00bbhttps:\/\/via.eviivo.com\/ChateaudelaBerchere21700&Prime; url_new_window=\u00a0\u00bbon\u00a0\u00bb button_text=\u00a0\u00bbR\u00e9servez\u00a0\u00bb button_alignment=\u00a0\u00bbcenter\u00a0\u00bb _builder_version=\u00a0\u00bb4.18.0&Prime; _module_preset=\u00a0\u00bbdefault\u00a0\u00bb custom_button=\u00a0\u00bbon\u00a0\u00bb button_text_size=\u00a0\u00bb25px\u00a0\u00bb button_text_color=\u00a0\u00bb#E3E1DF\u00a0\u00bb button_bg_color=\u00a0\u00bb#736B63&Prime; global_colors_info=\u00a0\u00bb{}\u00a0\u00bb button_bg_color__hover_enabled=\u00a0\u00bbon|desktop\u00a0\u00bb button_bg_color__hover=\u00a0\u00bb#736B63&Prime;][\/et_pb_button][\/et_pb_column][et_pb_column type=\u00a0\u00bb1_3&Prime; _builder_version=\u00a0\u00bb4.17.1&Prime; _module_preset=\u00a0\u00bbdefault\u00a0\u00bb global_colors_info=\u00a0\u00bb{}\u00a0\u00bb][et_pb_text _builder_version=\u00a0\u00bb4.27.7&Prime; _module_preset=\u00a0\u00bbdefault\u00a0\u00bb text_font_size=\u00a0\u00bb15px\u00a0\u00bb header_4_font_size=\u00a0\u00bb30px\u00a0\u00bb global_colors_info=\u00a0\u00bb{}\u00a0\u00bb]<\/p>\n<p style=\"text-align: center;\"><span style=\"color: #ffffff;\"><\/span><\/p>\n<p style=\"text-align: center;\"><a href=\"https:\/\/chateaudelaberchere.fr\/mentions-legales\"><span style=\"color: #ffffff;\">Mentions l\u00e9gales<\/span><\/a><\/p>\n<p style=\"text-align: center;\"><a href=\"https:\/\/chateaudelaberchere.fr\/politique-de-confidentialite\"><span style=\"color: #ffffff;\">Politique de confidentialit\u00e9<\/span><\/a><\/p>\n<p style=\"text-align: center;\"><span style=\"color: #ffffff;\">Plan du site<br \/><\/span><\/p>\n<p style=\"text-align: center;\"><span style=\"color: #ffffff;\"><strong>Suivez nous<\/span><\/p>\n<p>[\/et_pb_text][et_pb_social_media_follow _builder_version=\u00a0\u00bb4.27.0&Prime; _module_preset=\u00a0\u00bbdefault\u00a0\u00bb text_orientation=\u00a0\u00bbcenter\u00a0\u00bb custom_margin=\u00a0\u00bb-15px||||false|false\u00a0\u00bb custom_padding=\u00a0\u00bb0px||||false|false\u00a0\u00bb global_colors_info=\u00a0\u00bb{}\u00a0\u00bb][et_pb_social_media_follow_network social_network=\u00a0\u00bbfacebook\u00a0\u00bb url=\u00a0\u00bbhttps:\/\/www.facebook.com\/hotellaberchere.berchere\u00a0\u00bb _builder_version=\u00a0\u00bb4.17.1&Prime; _module_preset=\u00a0\u00bbdefault\u00a0\u00bb background_color=\u00a0\u00bb#3b5998&Prime; global_colors_info=\u00a0\u00bb{}\u00a0\u00bb follow_button=\u00a0\u00bboff\u00a0\u00bb url_new_window=\u00a0\u00bbon\u00a0\u00bb]facebook[\/et_pb_social_media_follow_network][et_pb_social_media_follow_network social_network=\u00a0\u00bbinstagram\u00a0\u00bb _builder_version=\u00a0\u00bb4.27.0&Prime; _module_preset=\u00a0\u00bbdefault\u00a0\u00bb background_color=\u00a0\u00bb#ea2c59&Prime; global_colors_info=\u00a0\u00bb{}\u00a0\u00bb follow_button=\u00a0\u00bboff\u00a0\u00bb url_new_window=\u00a0\u00bbon\u00a0\u00bb]instagram[\/et_pb_social_media_follow_network][et_pb_social_media_follow_network social_network=\u00a0\u00bblinkedin\u00a0\u00bb _builder_version=\u00a0\u00bb4.27.0&Prime; _module_preset=\u00a0\u00bbdefault\u00a0\u00bb background_color=\u00a0\u00bb#007bb6&Prime; global_colors_info=\u00a0\u00bb{}\u00a0\u00bb follow_button=\u00a0\u00bboff\u00a0\u00bb url_new_window=\u00a0\u00bbon\u00a0\u00bb]linkedin[\/et_pb_social_media_follow_network][\/et_pb_social_media_follow][\/et_pb_column][\/et_pb_row][\/et_pb_section][et_pb_section fb_built=\u00a0\u00bb1&Prime; fullwidth=\u00a0\u00bbon\u00a0\u00bb _builder_version=\u00a0\u00bb4.17.1&Prime; _module_preset=\u00a0\u00bbdefault\u00a0\u00bb global_colors_info=\u00a0\u00bb{}\u00a0\u00bb][\/et_pb_section]<\/p>\n","protected":false},"excerpt":{"rendered":"<p>Tourisme &nbsp; &nbsp;Le c\u00e9l\u00e8bre vignoble Bourguignon D\u00e9couvrez \u00e9galement les villages des hautes c\u00f4tes et venez d\u00e9guster de nombreux produits r\u00e9gionaux que nous vous proposons au petit d\u00e9jeuner, au brunch ou le soir sous forme de planche.&nbsp; L\u2019 abbaye de Citeaux toute proche, fond\u00e9e en 1098 est le berceau de l\u2019Ordre cistercien. Vous pourrez visiter son [&hellip;]<\/p>\n","protected":false},"author":1,"featured_media":0,"parent":0,"menu_order":0,"comment_status":"closed","ping_status":"closed","template":"","meta":{"_et_pb_use_builder":"on","_et_pb_old_content":"","_et_gb_content_width":"","footnotes":""},"class_list":["post-40","page","type-page","status-publish","hentry"],"yoast_head":"<!-- This site is optimized with the Yoast SEO plugin v28.4 - https:\/\/yoast.com\/product\/yoast-seo-wordpress\/ -->\n<title>Tourisme - H\u00f4tel Ch\u00e2teau LA BERCHERE<\/title>\n<meta name=\"description\" content=\"Vous pourrez parcourir notre c\u00e9l\u00e8bre vignoble Bourguignon et visiter les Domaines viticoles. Pr\u00e8s de Vosne Roman\u00e9e, Nuits Saint Georges,...\" \/>\n<meta name=\"robots\" content=\"index, follow, max-snippet:-1, max-image-preview:large, max-video-preview:-1\" \/>\n<link rel=\"canonical\" href=\"https:\/\/chateaudelaberchere.fr\/en\/tourisme\/\" \/>\n<meta property=\"og:locale\" content=\"en_GB\" \/>\n<meta property=\"og:type\" content=\"article\" \/>\n<meta property=\"og:title\" content=\"Tourisme - H\u00f4tel Ch\u00e2teau LA BERCHERE\" \/>\n<meta property=\"og:description\" content=\"Vous pourrez parcourir notre c\u00e9l\u00e8bre vignoble Bourguignon et visiter les Domaines viticoles. Pr\u00e8s de Vosne Roman\u00e9e, Nuits Saint Georges,...\" \/>\n<meta property=\"og:url\" content=\"https:\/\/chateaudelaberchere.fr\/en\/tourisme\/\" \/>\n<meta property=\"og:site_name\" content=\"LA BERCHERE\" \/>\n<meta property=\"article:publisher\" content=\"https:\/\/www.facebook.com\/hotellaberchere.berchere\" \/>\n<meta property=\"article:modified_time\" content=\"2026-08-21T14:39:15+00:00\" \/>\n<meta property=\"og:image\" content=\"https:\/\/chateaudelaberchere.fr\/wp-content\/uploads\/2022\/04\/828490733-2.jpg\" \/>\n\t<meta property=\"og:image:width\" content=\"491\" \/>\n\t<meta property=\"og:image:height\" content=\"368\" \/>\n\t<meta property=\"og:image:type\" content=\"image\/jpeg\" \/>\n<meta name=\"twitter:card\" content=\"summary_large_image\" \/>\n<meta name=\"twitter:label1\" content=\"Estimated reading time\" \/>\n\t<meta name=\"twitter:data1\" content=\"2 minutes\" \/>\n<script type=\"application\/ld+json\" class=\"yoast-schema-graph\">{\"@context\":\"https:\\\/\\\/schema.org\",\"@graph\":[{\"@type\":\"WebPage\",\"@id\":\"https:\\\/\\\/chateaudelaberchere.fr\\\/tourisme\\\/\",\"url\":\"https:\\\/\\\/chateaudelaberchere.fr\\\/tourisme\\\/\",\"name\":\"Tourisme - H\u00f4tel Ch\u00e2teau LA BERCHERE\",\"isPartOf\":{\"@id\":\"https:\\\/\\\/chateaudelaberchere.fr\\\/#website\"},\"datePublished\":\"2022-04-18T16:53:53+00:00\",\"dateModified\":\"2026-08-21T14:39:15+00:00\",\"description\":\"Vous pourrez parcourir notre c\u00e9l\u00e8bre vignoble Bourguignon et visiter les Domaines viticoles. Pr\u00e8s de Vosne Roman\u00e9e, Nuits Saint Georges,...\",\"breadcrumb\":{\"@id\":\"https:\\\/\\\/chateaudelaberchere.fr\\\/tourisme\\\/#breadcrumb\"},\"inLanguage\":\"en-GB\",\"potentialAction\":[{\"@type\":\"ReadAction\",\"target\":[\"https:\\\/\\\/chateaudelaberchere.fr\\\/tourisme\\\/\"]}]},{\"@type\":\"BreadcrumbList\",\"@id\":\"https:\\\/\\\/chateaudelaberchere.fr\\\/tourisme\\\/#breadcrumb\",\"itemListElement\":[{\"@type\":\"ListItem\",\"position\":1,\"name\":\"Accueil\",\"item\":\"https:\\\/\\\/chateaudelaberchere.fr\\\/\"},{\"@type\":\"ListItem\",\"position\":2,\"name\":\"Tourisme\"}]},{\"@type\":\"WebSite\",\"@id\":\"https:\\\/\\\/chateaudelaberchere.fr\\\/#website\",\"url\":\"https:\\\/\\\/chateaudelaberchere.fr\\\/\",\"name\":\"LA BERCHERE\",\"description\":\"\",\"publisher\":{\"@id\":\"https:\\\/\\\/chateaudelaberchere.fr\\\/#organization\"},\"potentialAction\":[{\"@type\":\"SearchAction\",\"target\":{\"@type\":\"EntryPoint\",\"urlTemplate\":\"https:\\\/\\\/chateaudelaberchere.fr\\\/?s={search_term_string}\"},\"query-input\":{\"@type\":\"PropertyValueSpecification\",\"valueRequired\":true,\"valueName\":\"search_term_string\"}}],\"inLanguage\":\"en-GB\"},{\"@type\":\"Organization\",\"@id\":\"https:\\\/\\\/chateaudelaberchere.fr\\\/#organization\",\"name\":\"CHATEAU DE LA BERCHERE\",\"url\":\"https:\\\/\\\/chateaudelaberchere.fr\\\/\",\"logo\":{\"@type\":\"ImageObject\",\"inLanguage\":\"en-GB\",\"@id\":\"https:\\\/\\\/chateaudelaberchere.fr\\\/#\\\/schema\\\/logo\\\/image\\\/\",\"url\":\"https:\\\/\\\/chateaudelaberchere.fr\\\/wp-content\\\/uploads\\\/2022\\\/05\\\/HB-logoFinal11.jpg\",\"contentUrl\":\"https:\\\/\\\/chateaudelaberchere.fr\\\/wp-content\\\/uploads\\\/2022\\\/05\\\/HB-logoFinal11.jpg\",\"width\":499,\"height\":353,\"caption\":\"CHATEAU DE LA BERCHERE\"},\"image\":{\"@id\":\"https:\\\/\\\/chateaudelaberchere.fr\\\/#\\\/schema\\\/logo\\\/image\\\/\"},\"sameAs\":[\"https:\\\/\\\/www.facebook.com\\\/hotellaberchere.berchere\"]}]}<\/script>\n<!-- \/ Yoast SEO plugin. -->","yoast_head_json":{"title":"Tourisme - H\u00f4tel Ch\u00e2teau LA BERCHERE","description":"Vous pourrez parcourir notre c\u00e9l\u00e8bre vignoble Bourguignon et visiter les Domaines viticoles. Pr\u00e8s de Vosne Roman\u00e9e, Nuits Saint Georges,...","robots":{"index":"index","follow":"follow","max-snippet":"max-snippet:-1","max-image-preview":"max-image-preview:large","max-video-preview":"max-video-preview:-1"},"canonical":"https:\/\/chateaudelaberchere.fr\/en\/tourisme\/","og_locale":"en_GB","og_type":"article","og_title":"Tourisme - H\u00f4tel Ch\u00e2teau LA BERCHERE","og_description":"Vous pourrez parcourir notre c\u00e9l\u00e8bre vignoble Bourguignon et visiter les Domaines viticoles. Pr\u00e8s de Vosne Roman\u00e9e, Nuits Saint Georges,...","og_url":"https:\/\/chateaudelaberchere.fr\/en\/tourisme\/","og_site_name":"LA BERCHERE","article_publisher":"https:\/\/www.facebook.com\/hotellaberchere.berchere","article_modified_time":"2026-08-21T14:39:15+00:00","og_image":[{"width":491,"height":368,"url":"https:\/\/chateaudelaberchere.fr\/wp-content\/uploads\/2022\/04\/828490733-2.jpg","type":"image\/jpeg"}],"twitter_card":"summary_large_image","twitter_misc":{"Estimated reading time":"2 minutes"},"schema":{"@context":"https:\/\/schema.org","@graph":[{"@type":"WebPage","@id":"https:\/\/chateaudelaberchere.fr\/tourisme\/","url":"https:\/\/chateaudelaberchere.fr\/tourisme\/","name":"Tourisme - H\u00f4tel Ch\u00e2teau LA BERCHERE","isPartOf":{"@id":"https:\/\/chateaudelaberchere.fr\/#website"},"datePublished":"2022-04-18T16:53:53+00:00","dateModified":"2026-08-21T14:39:15+00:00","description":"Vous pourrez parcourir notre c\u00e9l\u00e8bre vignoble Bourguignon et visiter les Domaines viticoles. Pr\u00e8s de Vosne Roman\u00e9e, Nuits Saint Georges,...","breadcrumb":{"@id":"https:\/\/chateaudelaberchere.fr\/tourisme\/#breadcrumb"},"inLanguage":"en-GB","potentialAction":[{"@type":"ReadAction","target":["https:\/\/chateaudelaberchere.fr\/tourisme\/"]}]},{"@type":"BreadcrumbList","@id":"https:\/\/chateaudelaberchere.fr\/tourisme\/#breadcrumb","itemListElement":[{"@type":"ListItem","position":1,"name":"Accueil","item":"https:\/\/chateaudelaberchere.fr\/"},{"@type":"ListItem","position":2,"name":"Tourisme"}]},{"@type":"WebSite","@id":"https:\/\/chateaudelaberchere.fr\/#website","url":"https:\/\/chateaudelaberchere.fr\/","name":"LA BERCHERE","description":"","publisher":{"@id":"https:\/\/chateaudelaberchere.fr\/#organization"},"potentialAction":[{"@type":"SearchAction","target":{"@type":"EntryPoint","urlTemplate":"https:\/\/chateaudelaberchere.fr\/?s={search_term_string}"},"query-input":{"@type":"PropertyValueSpecification","valueRequired":true,"valueName":"search_term_string"}}],"inLanguage":"en-GB"},{"@type":"Organization","@id":"https:\/\/chateaudelaberchere.fr\/#organization","name":"CHATEAU DE LA BERCHERE","url":"https:\/\/chateaudelaberchere.fr\/","logo":{"@type":"ImageObject","inLanguage":"en-GB","@id":"https:\/\/chateaudelaberchere.fr\/#\/schema\/logo\/image\/","url":"https:\/\/chateaudelaberchere.fr\/wp-content\/uploads\/2022\/05\/HB-logoFinal11.jpg","contentUrl":"https:\/\/chateaudelaberchere.fr\/wp-content\/uploads\/2022\/05\/HB-logoFinal11.jpg","width":499,"height":353,"caption":"CHATEAU DE LA BERCHERE"},"image":{"@id":"https:\/\/chateaudelaberchere.fr\/#\/schema\/logo\/image\/"},"sameAs":["https:\/\/www.facebook.com\/hotellaberchere.berchere"]}]}},"_links":{"self":[{"href":"https:\/\/chateaudelaberchere.fr\/en\/wp-json\/wp\/v2\/pages\/40","targetHints":{"allow":["GET"]}}],"collection":[{"href":"https:\/\/chateaudelaberchere.fr\/en\/wp-json\/wp\/v2\/pages"}],"about":[{"href":"https:\/\/chateaudelaberchere.fr\/en\/wp-json\/wp\/v2\/types\/page"}],"author":[{"embeddable":true,"href":"https:\/\/chateaudelaberchere.fr\/en\/wp-json\/wp\/v2\/users\/1"}],"replies":[{"embeddable":true,"href":"https:\/\/chateaudelaberchere.fr\/en\/wp-json\/wp\/v2\/comments?post=40"}],"version-history":[{"count":3,"href":"https:\/\/chateaudelaberchere.fr\/en\/wp-json\/wp\/v2\/pages\/40\/revisions"}],"predecessor-version":[{"id":1195,"href":"https:\/\/chateaudelaberchere.fr\/en\/wp-json\/wp\/v2\/pages\/40\/revisions\/1195"}],"wp:attachment":[{"href":"https:\/\/chateaudelaberchere.fr\/en\/wp-json\/wp\/v2\/media?parent=40"}],"curies":[{"name":"wp","href":"https:\/\/api.w.org\/{rel}","templated":true}]}}